{"id":1913,"date":"2026-06-19T16:30:50","date_gmt":"2026-06-19T21:30:50","guid":{"rendered":"https:\/\/vozavos.com\/?post_type=tribe_events&#038;p=1913"},"modified":"2026-06-22T16:54:37","modified_gmt":"2026-06-22T21:54:37","slug":"retiro-voz","status":"publish","type":"tribe_events","link":"https:\/\/vozavos.com\/en\/event\/retiro-voz\/","title":{"rendered":"Retiro &#8211; El Arte de la Escucha"},"content":{"rendered":"<p><a href=\"https:\/\/vozavos.com\/wp-content\/uploads\/2026\/06\/20260522-DSC07831-scaled.jpg\"><img loading=\"lazy\" decoding=\"async\" src=\"https:\/\/vozavos.com\/wp-content\/uploads\/2026\/06\/20260522-DSC07831-300x200.jpg\" alt=\"\" width=\"300\" height=\"200\" class=\"alignnone size-medium wp-image-1916\" srcset=\"https:\/\/vozavos.com\/wp-content\/uploads\/2026\/06\/20260522-DSC07831-300x200.jpg 300w, https:\/\/vozavos.com\/wp-content\/uploads\/2026\/06\/20260522-DSC07831-1024x683.jpg 1024w, https:\/\/vozavos.com\/wp-content\/uploads\/2026\/06\/20260522-DSC07831-768x512.jpg 768w, https:\/\/vozavos.com\/wp-content\/uploads\/2026\/06\/20260522-DSC07831-1536x1024.jpg 1536w, https:\/\/vozavos.com\/wp-content\/uploads\/2026\/06\/20260522-DSC07831-2048x1365.jpg 2048w, https:\/\/vozavos.com\/wp-content\/uploads\/2026\/06\/20260522-DSC07831-18x12.jpg 18w, https:\/\/vozavos.com\/wp-content\/uploads\/2026\/06\/20260522-DSC07831-600x400.jpg 600w\" sizes=\"auto, (max-width: 300px) 100vw, 300px\" \/><\/a><a href=\"https:\/\/vozavos.com\/wp-content\/uploads\/2026\/06\/20260522-DSC07819-scaled.jpg\"><img loading=\"lazy\" decoding=\"async\" src=\"https:\/\/vozavos.com\/wp-content\/uploads\/2026\/06\/20260522-DSC07819-300x200.jpg\" alt=\"\" width=\"300\" height=\"200\" class=\"alignnone size-medium wp-image-1914\" srcset=\"https:\/\/vozavos.com\/wp-content\/uploads\/2026\/06\/20260522-DSC07819-300x200.jpg 300w, https:\/\/vozavos.com\/wp-content\/uploads\/2026\/06\/20260522-DSC07819-1024x683.jpg 1024w, https:\/\/vozavos.com\/wp-content\/uploads\/2026\/06\/20260522-DSC07819-768x512.jpg 768w, https:\/\/vozavos.com\/wp-content\/uploads\/2026\/06\/20260522-DSC07819-1536x1024.jpg 1536w, https:\/\/vozavos.com\/wp-content\/uploads\/2026\/06\/20260522-DSC07819-2048x1365.jpg 2048w, https:\/\/vozavos.com\/wp-content\/uploads\/2026\/06\/20260522-DSC07819-18x12.jpg 18w, https:\/\/vozavos.com\/wp-content\/uploads\/2026\/06\/20260522-DSC07819-600x400.jpg 600w\" sizes=\"auto, (max-width: 300px) 100vw, 300px\" \/><\/a><a href=\"https:\/\/vozavos.com\/wp-content\/uploads\/2026\/06\/20260522-DSC07852-scaled.jpg\"><img loading=\"lazy\" decoding=\"async\" src=\"https:\/\/vozavos.com\/wp-content\/uploads\/2026\/06\/20260522-DSC07852-300x200.jpg\" alt=\"\" width=\"300\" height=\"200\" class=\"alignnone size-medium wp-image-1918\" srcset=\"https:\/\/vozavos.com\/wp-content\/uploads\/2026\/06\/20260522-DSC07852-300x200.jpg 300w, https:\/\/vozavos.com\/wp-content\/uploads\/2026\/06\/20260522-DSC07852-1024x683.jpg 1024w, https:\/\/vozavos.com\/wp-content\/uploads\/2026\/06\/20260522-DSC07852-768x512.jpg 768w, https:\/\/vozavos.com\/wp-content\/uploads\/2026\/06\/20260522-DSC07852-1536x1024.jpg 1536w, https:\/\/vozavos.com\/wp-content\/uploads\/2026\/06\/20260522-DSC07852-2048x1365.jpg 2048w, https:\/\/vozavos.com\/wp-content\/uploads\/2026\/06\/20260522-DSC07852-18x12.jpg 18w, https:\/\/vozavos.com\/wp-content\/uploads\/2026\/06\/20260522-DSC07852-600x400.jpg 600w\" sizes=\"auto, (max-width: 300px) 100vw, 300px\" \/><\/a><\/p>\n<p><strong> EL ARTE DE LA ESCUCHA<br \/>\nIniciaci\u00f3n al Desvendar la Voz \u2014 Cantoterapia Antropos\u00f3fica<\/strong><\/p>\n<p><strong>Retiro presencial de iniciaci\u00f3n \u00b7 Cali, Colombia<\/strong><br \/>\n<strong>Viernes 9 \u2014 Lunes festivo 12 de octubre, 2026<\/strong><\/p>\n<p><em>Un camino inici\u00e1tico hacia las fuerzas de cura de la voz<\/em><\/p>\n<p>Este retiro nos encontramos para introducir a los fundamentos de la <strong>Escuela del Desvendar la Voz &#8211; Canto y el Cantoterapia Antropos\u00f3fica<\/strong>. Un camino de profundizaci\u00f3n en las fuerzas de cura de los fonemas, los tonos y los movimientos. <\/p>\n<p>A trav\u00e9s de una metodolog\u00eda fenomenol\u00f3gica abrimos la dimensi\u00f3n som\u00e1tica de la m\u00fasica: \u00bfC\u00f3mo nos afecta el sonido de nuestra propia voz? \u00bfC\u00f3mo nos transforma? y \u00bfC\u00f3mo podemos crear campos de resonancia arm\u00f3nica para nuestra organizaci\u00f3n vital?<\/p>\n<p>Inspirado en el poema <strong>\u00abEl Olvidado Arte de la Escucha\u00bb<\/strong> de la Sra. Werbeck \u2014creadora de la Escuela del Desvendar la Voz\u2014, este encuentro traza el camino simb\u00f3lico de la desconexi\u00f3n con la voz y, al mismo tiempo, se\u00f1ala con claridad su regeneraci\u00f3n: recordar el arte de la escucha y entregar la voz como una ofrenda. Recuperar las fuerzas de la imaginaci\u00f3n activa y la medicina natural<\/p>\n<p><strong>La dimensi\u00f3n som\u00e1tica del sonido<\/strong><\/p>\n<p>A trav\u00e9s de una metodolog\u00eda fenomenol\u00f3gica abrimos preguntas que el cuerpo responde antes que la mente:<\/p>\n<p>\u00bfC\u00f3mo nos afecta el sonido de nuestra propia voz? \u00bfC\u00f3mo nos transforma? \u00bfC\u00f3mo podemos crear campos de resonancia arm\u00f3nica para nuestra organizaci\u00f3n vital?<\/p>\n<p>Es un trabajo inici\u00e1tico: una primera entrada a un cuerpo de conocimiento que vincula la pedagog\u00eda del canto, la cantoterapia y la cosmovisi\u00f3n antropos\u00f3fica.<\/p>\n<p><strong>El programa \u00b7 Cuatro jornadas<\/strong><\/p>\n<p><strong>Viernes 9 de octubre \u2014 7:00 pm<\/strong><br \/>\n<strong>Introducci\u00f3n nocturna.<\/strong> Apertura del campo, encuadre del trabajo y primer encuentro con el poema: \u00abEl Olvidado Arte de la Escucha\u00bb.<\/p>\n<p><strong>S\u00e1bado 10 de octubre \u2014 9:00 am a 7:00 pm<\/strong><br \/>\n-Fenomenolog\u00eda de los fonemas y los tonos<br \/>\n-La Imaginaci\u00f3n activa y la simbolog\u00eda de los gestos.<br \/>\n-El Arte de la Escucha Profunda<\/p>\n<p><strong>Domingo 11 de octubre \u2014 9:00 am a 7:00 pm<\/strong><br \/>\nProfundizaci\u00f3n:<br \/>\n-Fenomenolog\u00eda de los fonemas y los tonos<br \/>\n-La Imaginaci\u00f3n activa y la simbolog\u00eda de los gestos.<br \/>\n-El Arte de la Escucha Profunda<\/p>\n<p><strong><br \/>\nLunes festivo 12 de octubre \u2014 cierre al mediod\u00eda<\/strong><br \/>\nIntegraci\u00f3n, ofrenda final y cierre ritual del encuentro.<\/p>\n<p><strong>\u00bfPara qui\u00e9n es este retiro?<\/strong><\/p>\n<p>Para quienes sienten el llamado de reencontrarse con su voz y desarrollar en profundidad el arte de la escucha; para cantantes, m\u00fasicos, terapeutas, educadores y buscadores que quieran introducirse al camino vocacional del terapeuta de canto desde los fundamentos de la Escuela del Desvendar la Voz y la Cantoterapia Antropos\u00f3fica.<\/p>\n<p>Es necesario tener experiencia previa en canto, afinaci\u00f3n b\u00e1sica y contar con buena salud.<\/p>\n<p><strong>Inversi\u00f3n Preventa: USD $350 <\/strong><br \/>\nPrecio de preventa v\u00e1lido hasta el Agosto 25 2026.<\/p>\n<p><strong>Despu\u00e9s<\/strong> USD $550.<\/p>\n<p>> <strong>Incluye:<\/strong> alojamiento \/ alimentaci\u00f3n \/ materiales \/ certificado de participaci\u00f3n<br \/>\n> <strong>No incluye: <\/strong> transporte.<\/p>\n<p><strong>Reserva tu lugar<\/strong><\/p>\n<p>10 Cupos.<\/p>\n<p>Para reservar con preventa: En el enlace<br \/>\nPreguntas y proceso de inscripci\u00f3n: (+57)3014285959<\/p>","protected":false},"excerpt":{"rendered":"<p>EL ARTE DE LA ESCUCHA Iniciaci\u00f3n al Desvendar la Voz \u2014 Cantoterapia Antropos\u00f3fica Retiro presencial de iniciaci\u00f3n \u00b7 Cali, Colombia Viernes 9 \u2014 Lunes festivo 12 de octubre, 2026 Un&hellip;<\/p>","protected":false},"author":1,"featured_media":1917,"template":"","meta":{"_price":"","_stock":"","_tribe_ticket_header":"","_tribe_default_ticket_provider":"","_tribe_ticket_capacity":"0","_ticket_start_date":"","_ticket_end_date":"","_tribe_ticket_show_description":"","_tribe_ticket_show_not_going":false,"_tribe_ticket_use_global_stock":"","_tribe_ticket_global_stock_level":"","_global_stock_mode":"","_global_stock_cap":"","_tribe_rsvp_for_event":"","_tribe_ticket_going_count":"","_tribe_ticket_not_going_count":"","_tribe_tickets_list":"[]","_tribe_ticket_has_attendee_info_fields":false,"_tribe_events_status":"","_tribe_events_status_reason":"","_tribe_events_is_hybrid":"","_tribe_events_is_virtual":"","_tribe_events_virtual_video_source":"","_tribe_events_virtual_embed_video":"","_tribe_events_virtual_linked_button_text":"","_tribe_events_virtual_linked_button":"","_tribe_events_virtual_show_embed_at":"","_tribe_events_virtual_show_embed_to":[],"_tribe_events_virtual_show_on_event":"","_tribe_events_virtual_show_on_views":"","_tribe_events_virtual_url":"","footnotes":"","_tec_slr_enabled":"","_tec_slr_layout":""},"tags":[56,72,73,74,71],"tribe_events_cat":[62],"class_list":["post-1913","tribe_events","type-tribe_events","status-publish","has-post-thumbnail","hentry","tag-canto","tag-fin-de-semana","tag-iniciacion","tag-presencial","tag-retiro","tribe_events_cat-presencial","cat_presencial"],"yoast_head":"<!-- This site is optimized with the Yoast SEO plugin v27.5 - https:\/\/yoast.com\/product\/yoast-seo-wordpress\/ -->\n<title>Retiro - El Arte de la Escucha - Voz a vos<\/title>\n<meta name=\"description\" content=\"Retiro de canto terap\u00e9utico en Cali. Vive una experiencia transformadora activando el poder sanador de tu voz.\" \/>\n<meta name=\"robots\" content=\"index, follow, max-snippet:-1, max-image-preview:large, max-video-preview:-1\" \/>\n<link rel=\"canonical\" href=\"https:\/\/vozavos.com\/en\/event\/retiro-voz\/\" \/>\n<meta property=\"og:locale\" content=\"en_US\" \/>\n<meta property=\"og:type\" content=\"article\" \/>\n<meta property=\"og:title\" content=\"Retiro - El Arte de la Escucha - Voz a vos\" \/>\n<meta property=\"og:description\" content=\"Retiro de canto terap\u00e9utico en Cali. Vive una experiencia transformadora activando el poder sanador de tu voz.\" \/>\n<meta property=\"og:url\" content=\"https:\/\/vozavos.com\/en\/event\/retiro-voz\/\" \/>\n<meta property=\"og:site_name\" content=\"Voz a vos\" \/>\n<meta property=\"article:modified_time\" content=\"2026-06-22T21:54:37+00:00\" \/>\n<meta property=\"og:image\" content=\"https:\/\/vozavos.com\/wp-content\/uploads\/2026\/06\/20260522-DSC07851-scaled.jpg\" \/>\n\t<meta property=\"og:image:width\" content=\"2560\" \/>\n\t<meta property=\"og:image:height\" content=\"1707\" \/>\n\t<meta property=\"og:image:type\" content=\"image\/jpeg\" \/>\n<meta name=\"twitter:card\" content=\"summary_large_image\" \/>\n<meta name=\"twitter:label1\" content=\"Est. reading time\" \/>\n\t<meta name=\"twitter:data1\" content=\"3 minutes\" \/>\n<script type=\"application\/ld+json\" class=\"yoast-schema-graph\">{\"@context\":\"https:\\\/\\\/schema.org\",\"@graph\":[{\"@type\":\"WebPage\",\"@id\":\"https:\\\/\\\/vozavos.com\\\/en\\\/event\\\/retiro-voz\\\/\",\"url\":\"https:\\\/\\\/vozavos.com\\\/en\\\/event\\\/retiro-voz\\\/\",\"name\":\"Retiro - El Arte de la Escucha - Voz a vos\",\"isPartOf\":{\"@id\":\"https:\\\/\\\/vozavos.com\\\/en\\\/#website\"},\"primaryImageOfPage\":{\"@id\":\"https:\\\/\\\/vozavos.com\\\/en\\\/event\\\/retiro-voz\\\/#primaryimage\"},\"image\":{\"@id\":\"https:\\\/\\\/vozavos.com\\\/en\\\/event\\\/retiro-voz\\\/#primaryimage\"},\"thumbnailUrl\":\"https:\\\/\\\/vozavos.com\\\/wp-content\\\/uploads\\\/2026\\\/06\\\/20260522-DSC07851-scaled.jpg\",\"datePublished\":\"2026-06-19T21:30:50+00:00\",\"dateModified\":\"2026-06-22T21:54:37+00:00\",\"description\":\"Retiro de canto terap\u00e9utico en Cali. Vive una experiencia transformadora activando el poder sanador de tu voz.\",\"breadcrumb\":{\"@id\":\"https:\\\/\\\/vozavos.com\\\/en\\\/event\\\/retiro-voz\\\/#breadcrumb\"},\"inLanguage\":\"en-US\",\"potentialAction\":[{\"@type\":\"ReadAction\",\"target\":[\"https:\\\/\\\/vozavos.com\\\/en\\\/event\\\/retiro-voz\\\/\"]}]},{\"@type\":\"ImageObject\",\"inLanguage\":\"en-US\",\"@id\":\"https:\\\/\\\/vozavos.com\\\/en\\\/event\\\/retiro-voz\\\/#primaryimage\",\"url\":\"https:\\\/\\\/vozavos.com\\\/wp-content\\\/uploads\\\/2026\\\/06\\\/20260522-DSC07851-scaled.jpg\",\"contentUrl\":\"https:\\\/\\\/vozavos.com\\\/wp-content\\\/uploads\\\/2026\\\/06\\\/20260522-DSC07851-scaled.jpg\",\"width\":2560,\"height\":1707},{\"@type\":\"BreadcrumbList\",\"@id\":\"https:\\\/\\\/vozavos.com\\\/en\\\/event\\\/retiro-voz\\\/#breadcrumb\",\"itemListElement\":[{\"@type\":\"ListItem\",\"position\":1,\"name\":\"Inicio\",\"item\":\"https:\\\/\\\/vozavos.com\\\/\"},{\"@type\":\"ListItem\",\"position\":2,\"name\":\"Eventos\",\"item\":\"https:\\\/\\\/vozavos.com\\\/events\\\/\"},{\"@type\":\"ListItem\",\"position\":3,\"name\":\"presencial\",\"item\":\"https:\\\/\\\/vozavos.com\\\/events\\\/categoria\\\/presencial\\\/\"},{\"@type\":\"ListItem\",\"position\":4,\"name\":\"Retiro &#8211; El Arte de la Escucha\"}]},{\"@type\":\"WebSite\",\"@id\":\"https:\\\/\\\/vozavos.com\\\/en\\\/#website\",\"url\":\"https:\\\/\\\/vozavos.com\\\/en\\\/\",\"name\":\"Voz a vos\",\"description\":\"Laboratorio de Resonancias\",\"potentialAction\":[{\"@type\":\"SearchAction\",\"target\":{\"@type\":\"EntryPoint\",\"urlTemplate\":\"https:\\\/\\\/vozavos.com\\\/en\\\/?s={search_term_string}\"},\"query-input\":{\"@type\":\"PropertyValueSpecification\",\"valueRequired\":true,\"valueName\":\"search_term_string\"}}],\"inLanguage\":\"en-US\"}]}<\/script>\n<!-- \/ Yoast SEO plugin. -->","yoast_head_json":{"title":"Retiro - El Arte de la Escucha - Voz a vos","description":"Retiro de canto terap\u00e9utico en Cali. Vive una experiencia transformadora activando el poder sanador de tu voz.","robots":{"index":"index","follow":"follow","max-snippet":"max-snippet:-1","max-image-preview":"max-image-preview:large","max-video-preview":"max-video-preview:-1"},"canonical":"https:\/\/vozavos.com\/en\/event\/retiro-voz\/","og_locale":"en_US","og_type":"article","og_title":"Retiro - El Arte de la Escucha - Voz a vos","og_description":"Retiro de canto terap\u00e9utico en Cali. Vive una experiencia transformadora activando el poder sanador de tu voz.","og_url":"https:\/\/vozavos.com\/en\/event\/retiro-voz\/","og_site_name":"Voz a vos","article_modified_time":"2026-06-22T21:54:37+00:00","og_image":[{"width":2560,"height":1707,"url":"https:\/\/vozavos.com\/wp-content\/uploads\/2026\/06\/20260522-DSC07851-scaled.jpg","type":"image\/jpeg"}],"twitter_card":"summary_large_image","twitter_misc":{"Est. reading time":"3 minutes"},"schema":{"@context":"https:\/\/schema.org","@graph":[{"@type":"WebPage","@id":"https:\/\/vozavos.com\/en\/event\/retiro-voz\/","url":"https:\/\/vozavos.com\/en\/event\/retiro-voz\/","name":"Retiro - El Arte de la Escucha - Voz a vos","isPartOf":{"@id":"https:\/\/vozavos.com\/en\/#website"},"primaryImageOfPage":{"@id":"https:\/\/vozavos.com\/en\/event\/retiro-voz\/#primaryimage"},"image":{"@id":"https:\/\/vozavos.com\/en\/event\/retiro-voz\/#primaryimage"},"thumbnailUrl":"https:\/\/vozavos.com\/wp-content\/uploads\/2026\/06\/20260522-DSC07851-scaled.jpg","datePublished":"2026-06-19T21:30:50+00:00","dateModified":"2026-06-22T21:54:37+00:00","description":"Retiro de canto terap\u00e9utico en Cali. Vive una experiencia transformadora activando el poder sanador de tu voz.","breadcrumb":{"@id":"https:\/\/vozavos.com\/en\/event\/retiro-voz\/#breadcrumb"},"inLanguage":"en-US","potentialAction":[{"@type":"ReadAction","target":["https:\/\/vozavos.com\/en\/event\/retiro-voz\/"]}]},{"@type":"ImageObject","inLanguage":"en-US","@id":"https:\/\/vozavos.com\/en\/event\/retiro-voz\/#primaryimage","url":"https:\/\/vozavos.com\/wp-content\/uploads\/2026\/06\/20260522-DSC07851-scaled.jpg","contentUrl":"https:\/\/vozavos.com\/wp-content\/uploads\/2026\/06\/20260522-DSC07851-scaled.jpg","width":2560,"height":1707},{"@type":"BreadcrumbList","@id":"https:\/\/vozavos.com\/en\/event\/retiro-voz\/#breadcrumb","itemListElement":[{"@type":"ListItem","position":1,"name":"Inicio","item":"https:\/\/vozavos.com\/"},{"@type":"ListItem","position":2,"name":"Eventos","item":"https:\/\/vozavos.com\/events\/"},{"@type":"ListItem","position":3,"name":"presencial","item":"https:\/\/vozavos.com\/events\/categoria\/presencial\/"},{"@type":"ListItem","position":4,"name":"Retiro &#8211; El Arte de la Escucha"}]},{"@type":"WebSite","@id":"https:\/\/vozavos.com\/en\/#website","url":"https:\/\/vozavos.com\/en\/","name":"Voz a vos","description":"Resonance Lab","potentialAction":[{"@type":"SearchAction","target":{"@type":"EntryPoint","urlTemplate":"https:\/\/vozavos.com\/en\/?s={search_term_string}"},"query-input":{"@type":"PropertyValueSpecification","valueRequired":true,"valueName":"search_term_string"}}],"inLanguage":"en-US"}]}},"ticketed":false,"_links":{"self":[{"href":"https:\/\/vozavos.com\/en\/wp-json\/wp\/v2\/tribe_events\/1913","targetHints":{"allow":["GET"]}}],"collection":[{"href":"https:\/\/vozavos.com\/en\/wp-json\/wp\/v2\/tribe_events"}],"about":[{"href":"https:\/\/vozavos.com\/en\/wp-json\/wp\/v2\/types\/tribe_events"}],"author":[{"embeddable":true,"href":"https:\/\/vozavos.com\/en\/wp-json\/wp\/v2\/users\/1"}],"version-history":[{"count":9,"href":"https:\/\/vozavos.com\/en\/wp-json\/wp\/v2\/tribe_events\/1913\/revisions"}],"predecessor-version":[{"id":1950,"href":"https:\/\/vozavos.com\/en\/wp-json\/wp\/v2\/tribe_events\/1913\/revisions\/1950"}],"wp:featuredmedia":[{"embeddable":true,"href":"https:\/\/vozavos.com\/en\/wp-json\/wp\/v2\/media\/1917"}],"wp:attachment":[{"href":"https:\/\/vozavos.com\/en\/wp-json\/wp\/v2\/media?parent=1913"}],"wp:term":[{"taxonomy":"post_tag","embeddable":true,"href":"https:\/\/vozavos.com\/en\/wp-json\/wp\/v2\/tags?post=1913"},{"taxonomy":"tribe_events_cat","embeddable":true,"href":"https:\/\/vozavos.com\/en\/wp-json\/wp\/v2\/tribe_events_cat?post=1913"}],"curies":[{"name":"wp","href":"https:\/\/api.w.org\/{rel}","templated":true}]}}